{"id":4229,"date":"2025-10-01T15:34:36","date_gmt":"2025-10-01T13:34:36","guid":{"rendered":"http:\/\/liege.aideetsoinsadomicile.be\/blog\/service\/soins-palliatifs\/"},"modified":"2025-11-12T11:12:25","modified_gmt":"2025-11-12T10:12:25","slug":"palliatieve-zorg","status":"publish","type":"service","link":"https:\/\/liege.aideetsoinsadomicile.be\/nl\/service\/soins-palliatifs\/","title":{"rendered":"Palliatieve zorg"},"content":{"rendered":"<p><b><span data-contrast=\"none\">En fonction des besoins<\/span><\/b><span data-ccp-props=\"{&quot;134245418&quot;:true,&quot;134245529&quot;:true,&quot;335559738&quot;:280,&quot;335559739&quot;:80}\">\u00a0<\/span><\/p>\n<ul>\n<li data-leveltext=\"\uf0b7\" data-font=\"Symbol\" data-listid=\"30\" data-list-defn-props=\"{&quot;335552541&quot;:1,&quot;335559685&quot;:360,&quot;335559991&quot;:360,&quot;469769226&quot;:&quot;Symbol&quot;,&quot;469769242&quot;:[8226],&quot;469777803&quot;:&quot;left&quot;,&quot;469777804&quot;:&quot;\uf0b7&quot;,&quot;469777815&quot;:&quot;multilevel&quot;}\" data-aria-posinset=\"1\" data-aria-level=\"1\"><span data-contrast=\"auto\">Accompagnement du patient et de son entourage<\/span><span data-ccp-props=\"{&quot;201341983&quot;:0,&quot;335551550&quot;:1,&quot;335551620&quot;:1,&quot;335559740&quot;:240}\">\u00a0<\/span><\/li>\n<\/ul>\n<ul>\n<li data-leveltext=\"\uf0b7\" data-font=\"Symbol\" data-listid=\"30\" data-list-defn-props=\"{&quot;335552541&quot;:1,&quot;335559685&quot;:360,&quot;335559991&quot;:360,&quot;469769226&quot;:&quot;Symbol&quot;,&quot;469769242&quot;:[8226],&quot;469777803&quot;:&quot;left&quot;,&quot;469777804&quot;:&quot;\uf0b7&quot;,&quot;469777815&quot;:&quot;multilevel&quot;}\" data-aria-posinset=\"2\" data-aria-level=\"1\"><span data-contrast=\"auto\">\u00c9valuation et prise en charge de la douleur\u00a0<\/span><span data-ccp-props=\"{&quot;201341983&quot;:0,&quot;335551550&quot;:1,&quot;335551620&quot;:1,&quot;335559740&quot;:240}\">\u00a0<\/span><\/li>\n<\/ul>\n<ul>\n<li data-leveltext=\"\uf0b7\" data-font=\"Symbol\" data-listid=\"30\" data-list-defn-props=\"{&quot;335552541&quot;:1,&quot;335559685&quot;:360,&quot;335559991&quot;:360,&quot;469769226&quot;:&quot;Symbol&quot;,&quot;469769242&quot;:[8226],&quot;469777803&quot;:&quot;left&quot;,&quot;469777804&quot;:&quot;\uf0b7&quot;,&quot;469777815&quot;:&quot;multilevel&quot;}\" data-aria-posinset=\"3\" data-aria-level=\"1\"><span data-contrast=\"auto\">Prise en charge des soins en fin de vie<\/span><span data-ccp-props=\"{&quot;201341983&quot;:0,&quot;335551550&quot;:1,&quot;335551620&quot;:1,&quot;335559740&quot;:240}\">\u00a0<\/span><\/li>\n<\/ul>\n<ul>\n<li data-leveltext=\"\uf0b7\" data-font=\"Symbol\" data-listid=\"30\" data-list-defn-props=\"{&quot;335552541&quot;:1,&quot;335559685&quot;:360,&quot;335559991&quot;:360,&quot;469769226&quot;:&quot;Symbol&quot;,&quot;469769242&quot;:[8226],&quot;469777803&quot;:&quot;left&quot;,&quot;469777804&quot;:&quot;\uf0b7&quot;,&quot;469777815&quot;:&quot;multilevel&quot;}\" data-aria-posinset=\"4\" data-aria-level=\"1\"><span data-contrast=\"auto\">Concertation avec les autres intervenants<\/span><span data-ccp-props=\"{&quot;201341983&quot;:0,&quot;335551550&quot;:1,&quot;335551620&quot;:1,&quot;335559740&quot;:240}\">\u00a0<\/span><\/li>\n<\/ul>\n<ul>\n<li data-leveltext=\"\uf0b7\" data-font=\"Symbol\" data-listid=\"30\" data-list-defn-props=\"{&quot;335552541&quot;:1,&quot;335559685&quot;:360,&quot;335559991&quot;:360,&quot;469769226&quot;:&quot;Symbol&quot;,&quot;469769242&quot;:[8226],&quot;469777803&quot;:&quot;left&quot;,&quot;469777804&quot;:&quot;\uf0b7&quot;,&quot;469777815&quot;:&quot;multilevel&quot;}\" data-aria-posinset=\"5\" data-aria-level=\"1\"><span data-contrast=\"auto\">Conseil par des infirmiers r\u00e9f\u00e9rents en soins palliatifs<\/span><span data-ccp-props=\"{&quot;201341983&quot;:0,&quot;335551550&quot;:1,&quot;335551620&quot;:1,&quot;335559740&quot;:240}\">\u00a0<\/span><\/li>\n<\/ul>\n<ul>\n<li data-leveltext=\"\uf0b7\" data-font=\"Symbol\" data-listid=\"30\" data-list-defn-props=\"{&quot;335552541&quot;:1,&quot;335559685&quot;:360,&quot;335559991&quot;:360,&quot;469769226&quot;:&quot;Symbol&quot;,&quot;469769242&quot;:[8226],&quot;469777803&quot;:&quot;left&quot;,&quot;469777804&quot;:&quot;\uf0b7&quot;,&quot;469777815&quot;:&quot;multilevel&quot;}\" data-aria-posinset=\"6\" data-aria-level=\"1\"><span data-contrast=\"auto\">Collaboration avec les plateformes de soins palliatifs<\/span><span data-ccp-props=\"{&quot;201341983&quot;:0,&quot;335551550&quot;:1,&quot;335551620&quot;:1,&quot;335559740&quot;:240}\">\u00a0<\/span><\/li>\n<\/ul>\n<p><b><span data-contrast=\"none\">Organisation pens\u00e9e pour le bien-\u00eatre \u00e0 domicile\u00a0<\/span><\/b><span data-ccp-props=\"{&quot;134245418&quot;:true,&quot;134245529&quot;:true,&quot;335559738&quot;:280,&quot;335559739&quot;:80}\">\u00a0<\/span><\/p>\n<p><span data-contrast=\"auto\">Chaque patient est suivi par un infirmier ou un aide-soignant, en lien avec une \u00e9quipe coordonn\u00e9e et supervis\u00e9e par un infirmier en chef. L\u2019\u00e9quipe se coordonne de mani\u00e8re fluide afin de garantir la continuit\u00e9 et la qualit\u00e9 des soins.<\/span><span data-ccp-props=\"{}\">\u00a0<\/span><\/p>\n<p><span data-ccp-props=\"{}\">\u00a0<\/span><\/p>\n<p><span data-contrast=\"auto\">Les soins sont assur\u00e9s tous les jours entre 07h30 et 21h, avec un ou plusieurs passages selon les besoins.\u00a0<\/span><span data-ccp-props=\"{}\">\u00a0<\/span><\/p>\n<p><b><span data-contrast=\"none\">Permanence t\u00e9l\u00e9phonique\u00a0<\/span><\/b><span data-ccp-props=\"{&quot;134245418&quot;:true,&quot;134245529&quot;:true,&quot;335559738&quot;:280,&quot;335559739&quot;:80}\">\u00a0<\/span><\/p>\n<p><span data-contrast=\"auto\">Notre service dispose d\u2019une permanence t\u00e9l\u00e9phonique 24h\/24 et 7j\/7.\u00a0<\/span><span data-ccp-props=\"{}\">\u00a0<\/span><\/p>\n<p><span data-ccp-props=\"{}\">\u00a0<\/span><\/p>\n<p><span data-contrast=\"auto\">Pour les patients b\u00e9n\u00e9ficiant de soins palliatifs, une prise en charge continue est assur\u00e9e par notre \u00e9quipe 24h\/24.\u00a0<\/span><span data-ccp-props=\"{}\">\u00a0<\/span><\/p>\n<p><b><span data-contrast=\"none\">Tarification<\/span><\/b><span data-ccp-props=\"{&quot;134245418&quot;:true,&quot;134245529&quot;:true,&quot;335559738&quot;:280,&quot;335559739&quot;:80}\">\u00a0<\/span><\/p>\n<p><span data-contrast=\"auto\">Les tarifs sont encadr\u00e9s et peuvent varier selon le type de prestation, la situation personnelle ou le r\u00e9gime de soins.<\/span><span data-ccp-props=\"{}\"> Tous nos prestataires sont conventionn\u00e9s.<\/span><\/p>\n<p>Pour conna\u00eetre les conditions exactes qui s\u2019appliquent, contactez-nous au\u00a0<strong>043.428.428.<\/strong><\/p>\n<p><span data-ccp-props=\"{}\">\u00a0<\/span><\/p>\n<p><span data-contrast=\"auto\">Nos \u00e9quipes accompagnent au quotidien avec comp\u00e9tence et humanit\u00e9, pour des soins \u00e0 domicile en toute confiance et de qualit\u00e9.<\/span><span data-ccp-props=\"{}\">\u00a0<\/span><\/p>\n<p><span data-ccp-props=\"{}\">\u00a0<\/span><\/p>\n<p><b><span data-contrast=\"auto\">BRABANT WALLON &#8211; BRUXELLES &#8211; HAINAUT ORIENTAL &#8211; HAINAUT PICARDIE &#8211; LI\u00c8GE &#8211; LUXEMBOURG &#8211; NAMUR &#8211; VERVIERS &#8211; OSTBELGIEN<\/span><\/b><span data-ccp-props=\"{&quot;335551550&quot;:2,&quot;335551620&quot;:2}\">\u00a0<\/span><\/p>\n<p><span data-ccp-props=\"{&quot;201341983&quot;:0,&quot;335551550&quot;:1,&quot;335551620&quot;:1,&quot;335559740&quot;:259}\">\u00a0<\/span><\/p>","protected":false},"author":1,"featured_media":5024,"parent":0,"menu_order":16,"template":"","format":"standard","meta":{"_acf_changed":false,"_seopress_robots_primary_cat":"","_seopress_titles_title":"","_seopress_titles_desc":"","_seopress_robots_index":"","footnotes":""},"region":[11,10,12,13,14,15,16,17,18],"service_tax":[24],"type-de-service":[38],"class_list":["post-4229","service","type-service","status-publish","format-standard","has-post-thumbnail","hentry","region-brabant-wallon","region-bruxelles","region-hainaut-oriental","region-hainaut-picardie","region-liege-huy-waremme","region-luxembourg","region-namur","region-ostbelgien","region-verviers","service_tax-soins-infirmiers","type-de-service-soins-infirmiers"],"acf":{"url_icone_du_service":1458,"descriptif_rapide":"<ul>\r\n \t<li>Accompagnement du patient et de son entourage<\/li>\r\n \t<li>\u00c9valuation et prise en charge de la douleur<\/li>\r\n \t<li>Prise en charge des soins en fin de vie<\/li>\r\n \t<li>Concertation avec les autres intervenants<\/li>\r\n \t<li>Conseil par des infirmiers r\u00e9f\u00e9rents en soins palliatifs<\/li>\r\n \t<li>Collaboration avec les plateformes de soins palliatifs<\/li>\r\n<\/ul>","descriptif_complet":"","quels_soins_proposons_nous":"<ul>\r\n \t<li>Accompagnement du patient et de son entourage<\/li>\r\n \t<li>\u00c9valuation et prise en charge de la douleur<\/li>\r\n \t<li>Prise en charge des soins en fin de vie<\/li>\r\n \t<li>Concertation avec les autres intervenants<\/li>\r\n \t<li>Conseil par des infirmiers r\u00e9f\u00e9rents en soins palliatifs<\/li>\r\n \t<li>Collaboration avec les plateformes de soins palliatifs<\/li>\r\n<\/ul>","une_organisation_pensee_pour_votre_confort_":"<span data-contrast=\"auto\">Chaque patient est suivi par un infirmier ou un aide-soignant, en lien avec une \u00e9quipe coordonn\u00e9e et supervis\u00e9e par un infirmier en chef. L\u2019\u00e9quipe se coordonne de mani\u00e8re fluide afin de garantir la continuit\u00e9 et la qualit\u00e9 des soins.<\/span><span data-ccp-props=\"{}\">\u00a0<\/span>\r\n\r\n<span data-contrast=\"auto\">Les soins sont assur\u00e9s tous les jours entre 07h30 et 21h, avec un ou plusieurs passages selon les besoins.\u00a0<\/span><span data-ccp-props=\"{}\">\u00a0<\/span>","en_cas_d\u2019urgence_":"<span data-contrast=\"auto\">Notre service dispose d\u2019une permanence t\u00e9l\u00e9phonique 24h\/24 et 7j\/7.\u00a0<\/span><span data-ccp-props=\"{}\">\u00a0<\/span>\r\n\r\n<span data-contrast=\"auto\">Pour les patients b\u00e9n\u00e9ficiant de soins palliatifs, une prise en charge continue est assur\u00e9e par notre \u00e9quipe 24h\/24.\u00a0<\/span><span data-ccp-props=\"{}\">\u00a0<\/span>","tarification":"<span data-contrast=\"auto\">Les tarifs sont encadr\u00e9s et peuvent varier selon le type de prestation, la situation personnelle ou le r\u00e9gime de soins.<\/span><span data-ccp-props=\"{}\"> Tous nos prestataires sont conventionn\u00e9s.<\/span>\r\n\r\nPour conna\u00eetre les conditions exactes qui s\u2019appliquent, contactez-nous au\u00a0<strong>043.428.428.<\/strong>","phrase_de_cloture":"Nos \u00e9quipes accompagnent au quotidien avec comp\u00e9tence et humanit\u00e9, pour des soins \u00e0 domicile en toute confiance et de qualit\u00e9.\u00a0"},"_links":{"self":[{"href":"https:\/\/liege.aideetsoinsadomicile.be\/nl\/wp-json\/wp\/v2\/service\/4229","targetHints":{"allow":["GET"]}}],"collection":[{"href":"https:\/\/liege.aideetsoinsadomicile.be\/nl\/wp-json\/wp\/v2\/service"}],"about":[{"href":"https:\/\/liege.aideetsoinsadomicile.be\/nl\/wp-json\/wp\/v2\/types\/service"}],"author":[{"embeddable":true,"href":"https:\/\/liege.aideetsoinsadomicile.be\/nl\/wp-json\/wp\/v2\/users\/1"}],"version-history":[{"count":8,"href":"https:\/\/liege.aideetsoinsadomicile.be\/nl\/wp-json\/wp\/v2\/service\/4229\/revisions"}],"predecessor-version":[{"id":5245,"href":"https:\/\/liege.aideetsoinsadomicile.be\/nl\/wp-json\/wp\/v2\/service\/4229\/revisions\/5245"}],"wp:featuredmedia":[{"embeddable":true,"href":"https:\/\/liege.aideetsoinsadomicile.be\/nl\/wp-json\/wp\/v2\/media\/5024"}],"wp:attachment":[{"href":"https:\/\/liege.aideetsoinsadomicile.be\/nl\/wp-json\/wp\/v2\/media?parent=4229"}],"wp:term":[{"taxonomy":"region","embeddable":true,"href":"https:\/\/liege.aideetsoinsadomicile.be\/nl\/wp-json\/wp\/v2\/region?post=4229"},{"taxonomy":"service_tax","embeddable":true,"href":"https:\/\/liege.aideetsoinsadomicile.be\/nl\/wp-json\/wp\/v2\/service_tax?post=4229"},{"taxonomy":"type-de-service","embeddable":true,"href":"https:\/\/liege.aideetsoinsadomicile.be\/nl\/wp-json\/wp\/v2\/type-de-service?post=4229"}],"curies":[{"name":"wp","href":"https:\/\/api.w.org\/{rel}","templated":true}]}}