{"id":2353,"date":"2025-07-16T11:23:36","date_gmt":"2025-07-16T09:23:36","guid":{"rendered":"http:\/\/liege.aideetsoinsadomicile.be\/?post_type=service&#038;p=2353"},"modified":"2025-12-16T15:05:23","modified_gmt":"2025-12-16T14:05:23","slug":"coordination-centre","status":"publish","type":"service","link":"https:\/\/liege.aideetsoinsadomicile.be\/en\/service\/centre-de-coordination\/","title":{"rendered":"Care and Support Coordination Centre\u00a0"},"content":{"rendered":"<p><span data-contrast=\"auto\">Le service de Coordination des aides et des soins est compos\u00e9 de professionnels du secteur psycho-m\u00e9dicosocial. Leurs objectifs sont d\u2019\u00e9valuer les besoins d\u2019aides et de soins \u00e0 domicile, centraliser les informations utiles et organiser les services n\u00e9cessaires \u00e0 la prise en charge \u00e0 domicile. <\/span><span data-contrast=\"auto\">Il s&rsquo;agit d\u2019accompagner<\/span><span data-contrast=\"auto\"> chaque \u00e9tape du parcours d\u2019aides et de soins, en collaboration \u00e9troite avec les b\u00e9n\u00e9ficiaires, son entourage et les professionnels des aides et soins.<\/span><span data-ccp-props=\"{}\">\u00a0<\/span><\/p>\n<p><b><span data-contrast=\"none\">En fonction des besoins<\/span><\/b><span data-ccp-props=\"{&quot;134245418&quot;:true,&quot;134245529&quot;:true,&quot;335559738&quot;:280,&quot;335559739&quot;:80}\">\u00a0<\/span><\/p>\n<ul>\n<li data-leveltext=\"\u25cf\" data-font=\"\" data-listid=\"5\" data-list-defn-props=\"{&quot;335552541&quot;:1,&quot;335559685&quot;:360,&quot;335559991&quot;:360,&quot;469769242&quot;:[8226],&quot;469777803&quot;:&quot;left&quot;,&quot;469777804&quot;:&quot;\u25cf&quot;,&quot;469777815&quot;:&quot;multilevel&quot;}\" data-aria-posinset=\"17\" data-aria-level=\"1\"><span data-contrast=\"auto\">Accompagnement et suivi personnalis\u00e9<\/span><span data-ccp-props=\"{}\">\u00a0<\/span><\/li>\n<\/ul>\n<ul>\n<li data-leveltext=\"\u25cf\" data-font=\"\" data-listid=\"5\" data-list-defn-props=\"{&quot;335552541&quot;:1,&quot;335559685&quot;:360,&quot;335559991&quot;:360,&quot;469769242&quot;:[8226],&quot;469777803&quot;:&quot;left&quot;,&quot;469777804&quot;:&quot;\u25cf&quot;,&quot;469777815&quot;:&quot;multilevel&quot;}\" data-aria-posinset=\"18\" data-aria-level=\"1\"><span data-contrast=\"auto\">Analyse des besoins et information \u00e0 propos des aides et soins possibles\u00a0<\/span><span data-ccp-props=\"{}\">\u00a0<\/span><\/li>\n<\/ul>\n<ul>\n<li data-leveltext=\"\u25cf\" data-font=\"\" data-listid=\"5\" data-list-defn-props=\"{&quot;335552541&quot;:1,&quot;335559685&quot;:360,&quot;335559991&quot;:360,&quot;469769242&quot;:[8226],&quot;469777803&quot;:&quot;left&quot;,&quot;469777804&quot;:&quot;\u25cf&quot;,&quot;469777815&quot;:&quot;multilevel&quot;}\" data-aria-posinset=\"19\" data-aria-level=\"1\"><span data-contrast=\"auto\">Centralisation des demandes et mobilisation des services internes et externes<\/span><span data-ccp-props=\"{}\">\u00a0<\/span><\/li>\n<\/ul>\n<ul>\n<li data-leveltext=\"\u25cf\" data-font=\"\" data-listid=\"5\" data-list-defn-props=\"{&quot;335552541&quot;:1,&quot;335559685&quot;:360,&quot;335559991&quot;:360,&quot;469769242&quot;:[8226],&quot;469777803&quot;:&quot;left&quot;,&quot;469777804&quot;:&quot;\u25cf&quot;,&quot;469777815&quot;:&quot;multilevel&quot;}\" data-aria-posinset=\"20\" data-aria-level=\"1\"><span data-contrast=\"auto\">Collaboration avec l&rsquo;entourage et le m\u00e9decin<\/span><span data-ccp-props=\"{}\">\u00a0<\/span><\/li>\n<\/ul>\n<ul>\n<li data-leveltext=\"\u25cf\" data-font=\"\" data-listid=\"5\" data-list-defn-props=\"{&quot;335552541&quot;:1,&quot;335559685&quot;:360,&quot;335559991&quot;:360,&quot;469769242&quot;:[8226],&quot;469777803&quot;:&quot;left&quot;,&quot;469777804&quot;:&quot;\u25cf&quot;,&quot;469777815&quot;:&quot;multilevel&quot;}\" data-aria-posinset=\"21\" data-aria-level=\"1\"><span data-contrast=\"auto\">Coordination des diff\u00e9rents prestataires\u00a0<\/span><span data-ccp-props=\"{}\">\u00a0<\/span><\/li>\n<\/ul>\n<ul>\n<li data-leveltext=\"\u25cf\" data-font=\"\" data-listid=\"5\" data-list-defn-props=\"{&quot;335552541&quot;:1,&quot;335559685&quot;:360,&quot;335559991&quot;:360,&quot;469769242&quot;:[8226],&quot;469777803&quot;:&quot;left&quot;,&quot;469777804&quot;:&quot;\u25cf&quot;,&quot;469777815&quot;:&quot;multilevel&quot;}\" data-aria-posinset=\"22\" data-aria-level=\"1\"><span data-contrast=\"auto\">Elaboration d\u2019un plan d\u2019aide personnalis\u00e9 pour faciliter le quotidien<\/span><span data-ccp-props=\"{}\">\u00a0<\/span><\/li>\n<\/ul>\n<ul>\n<li data-leveltext=\"\u25cf\" data-font=\"\" data-listid=\"5\" data-list-defn-props=\"{&quot;335552541&quot;:1,&quot;335559685&quot;:360,&quot;335559991&quot;:360,&quot;469769242&quot;:[8226],&quot;469777803&quot;:&quot;left&quot;,&quot;469777804&quot;:&quot;\u25cf&quot;,&quot;469777815&quot;:&quot;multilevel&quot;}\" data-aria-posinset=\"23\" data-aria-level=\"1\"><span data-contrast=\"auto\">Organisation des services souhait\u00e9s (repas \u00e0 domicile, transports, t\u00e9l\u00e9vigilance&#8230;)<\/span><span data-ccp-props=\"{}\">\u00a0<\/span><\/li>\n<\/ul>\n<ul>\n<li data-leveltext=\"\u25cf\" data-font=\"\" data-listid=\"5\" data-list-defn-props=\"{&quot;335552541&quot;:1,&quot;335559685&quot;:360,&quot;335559991&quot;:360,&quot;469769242&quot;:[8226],&quot;469777803&quot;:&quot;left&quot;,&quot;469777804&quot;:&quot;\u25cf&quot;,&quot;469777815&quot;:&quot;multilevel&quot;}\" data-aria-posinset=\"24\" data-aria-level=\"1\"><span data-contrast=\"auto\">Pr\u00e9paration du retour \u00e0 domicile apr\u00e8s une hospitalisation, un s\u00e9jour en maison de repos ou en centre de revalidation<\/span><span data-ccp-props=\"{}\">\u00a0<\/span><\/li>\n<\/ul>\n<ul>\n<li data-leveltext=\"\u25cf\" data-font=\"\" data-listid=\"5\" data-list-defn-props=\"{&quot;335552541&quot;:1,&quot;335559685&quot;:360,&quot;335559991&quot;:360,&quot;469769242&quot;:[8226],&quot;469777803&quot;:&quot;left&quot;,&quot;469777804&quot;:&quot;\u25cf&quot;,&quot;469777815&quot;:&quot;multilevel&quot;}\" data-aria-posinset=\"25\" data-aria-level=\"1\"><span data-contrast=\"auto\">Proposition de solutions en cas de besoin de placement temporaire ou durable<\/span><span data-ccp-props=\"{}\">\u00a0<\/span><\/li>\n<\/ul>\n<ul>\n<li data-leveltext=\"\u25cf\" data-font=\"\" data-listid=\"5\" data-list-defn-props=\"{&quot;335552541&quot;:1,&quot;335559685&quot;:360,&quot;335559991&quot;:360,&quot;469769242&quot;:[8226],&quot;469777803&quot;:&quot;left&quot;,&quot;469777804&quot;:&quot;\u25cf&quot;,&quot;469777815&quot;:&quot;multilevel&quot;}\" data-aria-posinset=\"26\" data-aria-level=\"1\"><span data-contrast=\"auto\">Suivi et r\u00e9vision des besoins<\/span><span data-ccp-props=\"{}\">\u00a0<\/span><\/li>\n<\/ul>\n<p><span data-ccp-props=\"{&quot;335559685&quot;:720}\">\u00a0<\/span><\/p>\n<p><span data-contrast=\"auto\">Gr\u00e2ce \u00e0 une vision globale de la situation et une connaissance du secteur psycho-m\u00e9dicosocial, notre \u00e9quipe assure la mise en place d\u2019un plan d\u2019aides et de soins personnalis\u00e9, multidisciplinaire et \u00e9volutif.<\/span><span data-ccp-props=\"{}\">\u00a0<\/span><\/p>\n<p><b><span data-contrast=\"none\">Organisation pens\u00e9e pour le bien-\u00eatre \u00e0 domicile<\/span><\/b><span data-ccp-props=\"{&quot;134245418&quot;:true,&quot;134245529&quot;:true,&quot;335559738&quot;:280,&quot;335559739&quot;:80}\">\u00a0<\/span><\/p>\n<p><span data-contrast=\"auto\">D\u00e8s r\u00e9ception d\u2019une demande, un membre du centre de Coordination prend contact avec le b\u00e9n\u00e9ficiaire ou son aidant proche pour fixer une rencontre et analyser les besoins.\u00a0<\/span><span data-ccp-props=\"{}\">\u00a0<\/span><\/p>\n<p><span data-contrast=\"auto\">En collaboration avec le b\u00e9n\u00e9ficiaire, l\u2019entourage et le m\u00e9decin traitant, un plan d\u2019accompagnement d\u2019aides et de soins est propos\u00e9.\u00a0<\/span><span data-ccp-props=\"{}\">\u00a0<\/span><\/p>\n<p><span data-contrast=\"auto\">Le centre travaille avec l\u2019ensemble des acteurs psycho-m\u00e9dicosociaux, sans exclusivit\u00e9 ni obligation. Chaque b\u00e9n\u00e9ficiaire est donc libre de choisir ses prestataires.<\/span><span data-ccp-props=\"{}\">\u00a0<\/span><\/p>\n<p><b><span data-contrast=\"none\">Permanence t\u00e9l\u00e9phonique\u00a0<\/span><\/b><span data-ccp-props=\"{&quot;134245418&quot;:true,&quot;134245529&quot;:true,&quot;335559738&quot;:280,&quot;335559739&quot;:80}\">\u00a0<\/span><\/p>\n<p><span data-contrast=\"auto\">Notre service est disponible par t\u00e9l\u00e9phone du lundi au vendredi de 08h30 \u00e0 16h30.\u00a0<\/span><span data-ccp-props=\"{}\">\u00a0<\/span><\/p>\n<p><span data-contrast=\"auto\">Notre service de garde est disponible par t\u00e9l\u00e9phone en dehors de nos horaires 24h\/24 et 7j\/7.\u00a0<\/span><span data-ccp-props=\"{}\">\u00a0<\/span><\/p>\n<p><b><span data-contrast=\"none\">Tarification<\/span><\/b><span data-ccp-props=\"{&quot;134245418&quot;:true,&quot;134245529&quot;:true,&quot;335559738&quot;:280,&quot;335559739&quot;:80}\">\u00a0<\/span><\/p>\n<p><span data-contrast=\"auto\">Gr\u00e2ce au subventionnement des institutions r\u00e9gionales, ce service est enti\u00e8rement gratuit.<\/span><span data-ccp-props=\"{}\">\u00a0<\/span><\/p>\n<p><span data-ccp-props=\"{}\">\u00a0<\/span><\/p>\n<p><span data-contrast=\"auto\">Nos \u00e9quipes accompagnent au quotidien avec comp\u00e9tence et humanit\u00e9, pour des aides et soins \u00e0 domicile en toute confiance.<\/span><span data-ccp-props=\"{}\">\u00a0<\/span><\/p>\n<p><b><span data-contrast=\"auto\">BRABANT WALLON &#8211; BRUXELLES &#8211; HAINAUT ORIENTAL &#8211; HAINAUT PICARDIE &#8211; LI\u00c8GE &#8211; LUXEMBOURG &#8211; NAMUR \u2013 VERVIERS<\/span><\/b><span data-ccp-props=\"{&quot;335551550&quot;:2,&quot;335551620&quot;:2}\">\u00a0<\/span><\/p>","protected":false},"author":1,"featured_media":4849,"parent":0,"menu_order":4,"template":"","format":"standard","meta":{"_acf_changed":false,"_seopress_robots_primary_cat":"","_seopress_titles_title":"","_seopress_titles_desc":"","_seopress_robots_index":"","footnotes":""},"region":[11,10,12,13,14,15,16,17,18],"service_tax":[],"type-de-service":[],"class_list":["post-2353","service","type-service","status-publish","format-standard","has-post-thumbnail","hentry","region-brabant-wallon","region-bruxelles","region-hainaut-oriental","region-hainaut-picardie","region-liege-huy-waremme","region-luxembourg","region-namur","region-ostbelgien","region-verviers"],"acf":{"url_icone_du_service":540,"descriptif_rapide":"<ul>\r\n \t<li>Accompagnement et suivi personnalis\u00e9<\/li>\r\n \t<li>Analyse des besoins et information \u00e0 propos des aides et soins possibles<\/li>\r\n \t<li>Centralisation des demandes et mobilisation des services internes et externes<\/li>\r\n \t<li>Collaboration avec l'entourage et le m\u00e9decin<\/li>\r\n \t<li>Coordination des diff\u00e9rents prestataires<\/li>\r\n \t<li>Organisation des services souhait\u00e9s (aide familiales, ouvriers polyvalents sociaux, soins infirmiers...)<\/li>\r\n \t<li>Pr\u00e9paration du retour \u00e0 domicile apr\u00e8s une hospitalisation, un s\u00e9jour en maison de repos ou en centre de revalidation<\/li>\r\n \t<li>Suivi et r\u00e9vision des besoins<\/li>\r\n<\/ul>","descriptif_complet":"<span class=\"TextRun SCXW238180950 BCX0\" lang=\"FR\" xml:lang=\"FR\" data-contrast=\"auto\"><span class=\"NormalTextRun SCXW238180950 BCX0\">Le service <\/span><span class=\"NormalTextRun SCXW238180950 BCX0\">de <\/span><span class=\"NormalTextRun SCXW238180950 BCX0\">C<\/span><span class=\"NormalTextRun SCXW238180950 BCX0\">oordination des aides et <\/span><span class=\"NormalTextRun SCXW238180950 BCX0\">des <\/span><span class=\"NormalTextRun SCXW238180950 BCX0\">soins est <\/span><span class=\"NormalTextRun SCXW238180950 BCX0\">compos\u00e9<\/span><span class=\"NormalTextRun SCXW238180950 BCX0\"> de <\/span><span class=\"NormalTextRun SCXW238180950 BCX0\">professionnels<\/span><span class=\"NormalTextRun SCXW238180950 BCX0\"> du secteur psycho-m\u00e9dicosocial. Leur<\/span><span class=\"NormalTextRun SCXW238180950 BCX0\">s<\/span><span class=\"NormalTextRun SCXW238180950 BCX0\"> objectif<\/span><span class=\"NormalTextRun SCXW238180950 BCX0\">s<\/span> <span class=\"NormalTextRun SCXW238180950 BCX0\">sont<\/span> <span class=\"NormalTextRun SCXW238180950 BCX0\">d\u2019\u00e9valuer<\/span> <span class=\"NormalTextRun SCXW238180950 BCX0\">le<\/span><span class=\"NormalTextRun SCXW238180950 BCX0\">s besoins<\/span><span class=\"NormalTextRun SCXW238180950 BCX0\"> d\u2019aides et de soins \u00e0 domicile<\/span><span class=\"NormalTextRun SCXW238180950 BCX0\">, centralise<\/span><span class=\"NormalTextRun SCXW238180950 BCX0\">r<\/span><span class=\"NormalTextRun SCXW238180950 BCX0\"> les informations utiles et organise<\/span><span class=\"NormalTextRun SCXW238180950 BCX0\">r<\/span><span class=\"NormalTextRun SCXW238180950 BCX0\"> les services n\u00e9cessaires \u00e0 <\/span><span class=\"NormalTextRun SCXW238180950 BCX0\">la<\/span><span class=\"NormalTextRun SCXW238180950 BCX0\"> prise en charge \u00e0 domicile. <\/span><\/span><span class=\"TextRun SCXW238180950 BCX0\" lang=\"FR-BE\" xml:lang=\"FR-BE\" data-contrast=\"auto\"><span class=\"NormalTextRun SCXW238180950 BCX0\">Il s'agit d<\/span><span class=\"NormalTextRun SCXW238180950 BCX0\">\u2019<\/span><span class=\"NormalTextRun SCXW238180950 BCX0\">accompagner<\/span><\/span><span class=\"TextRun SCXW238180950 BCX0\" lang=\"FR\" xml:lang=\"FR\" data-contrast=\"auto\"><span class=\"NormalTextRun SCXW238180950 BCX0\"> chaque \u00e9tape d<\/span><span class=\"NormalTextRun SCXW238180950 BCX0\">u<\/span><span class=\"NormalTextRun SCXW238180950 BCX0\"> parcours d<\/span><span class=\"NormalTextRun SCXW238180950 BCX0\">\u2019aide<\/span><span class=\"NormalTextRun SCXW238180950 BCX0\">s<\/span><span class=\"NormalTextRun SCXW238180950 BCX0\"> et d<\/span><span class=\"NormalTextRun SCXW238180950 BCX0\">e soins, en collaboration \u00e9troite <\/span><span class=\"NormalTextRun SCXW238180950 BCX0\">avec <\/span><span class=\"NormalTextRun SCXW238180950 BCX0\">les b\u00e9n\u00e9ficiaires<\/span><span class=\"NormalTextRun SCXW238180950 BCX0\">,<\/span> <span class=\"NormalTextRun SCXW238180950 BCX0\">son <\/span><span class=\"NormalTextRun SCXW238180950 BCX0\">entourage et <\/span><span class=\"NormalTextRun SCXW238180950 BCX0\">les<\/span><span class=\"NormalTextRun SCXW238180950 BCX0\"> professionnels d<\/span><span class=\"NormalTextRun SCXW238180950 BCX0\">es aides et soins<\/span><span class=\"NormalTextRun SCXW238180950 BCX0\">.<\/span><\/span><span class=\"EOP SCXW238180950 BCX0\" data-ccp-props=\"{}\">\u00a0<\/span>\r\n\r\nChaque b\u00e9n\u00e9ficiaire est libre de choisir son ou ses prestataires.","quels_soins_proposons_nous":"<ul>\r\n \t<li>Accompagnement et suivi personnalis\u00e9<\/li>\r\n \t<li>Analyse des besoins et information \u00e0 propos des aides et soins possibles<\/li>\r\n \t<li>Centralisation des demandes et mobilisation des services internes et externes<\/li>\r\n \t<li>Collaboration avec l'entourage et le m\u00e9decin<\/li>\r\n \t<li>Coordination des diff\u00e9rents prestataires<\/li>\r\n \t<li>Organisation des services souhait\u00e9s (aide familiales, ouvriers polyvalents sociaux, soins infirmiers...)<\/li>\r\n \t<li>Pr\u00e9paration du retour \u00e0 domicile apr\u00e8s une hospitalisation, un s\u00e9jour en maison de repos ou en centre de revalidation<\/li>\r\n \t<li>Suivi et r\u00e9vision des besoins<\/li>\r\n<\/ul>","une_organisation_pensee_pour_votre_confort_":"<span data-contrast=\"auto\">D\u00e8s r\u00e9ception d\u2019une demande, un membre du centre de Coordination prend contact avec le demandeur pour fixer une rencontre et analyser les besoins. <\/span><span data-ccp-props=\"{}\">\u00a0<\/span>\r\n\r\n<span data-contrast=\"auto\">En collaboration avec le b\u00e9n\u00e9ficiaire, l\u2019entourage et le m\u00e9decin traitant, un plan d\u2019accompagnement d\u2019aides et de soins est propos\u00e9.\u00a0<\/span><span data-ccp-props=\"{}\">\u00a0<\/span>\r\n\r\n<span data-contrast=\"auto\">Le centre travaille avec l\u2019ensemble du r\u00e9seau local et des acteurs psycho-m\u00e9dicosociaux, sans exclusivit\u00e9 ni obligation. Chaque b\u00e9n\u00e9ficiaire est donc libre de choisir ses prestataires.<\/span><span data-ccp-props=\"{}\">\u00a0<\/span>\r\n\r\n<span data-contrast=\"auto\">Gr\u00e2ce \u00e0 une vision globale de la situation et une connaissance du secteur psycho-m\u00e9dicosocial, notre \u00e9quipe assure la mise en place d\u2019un plan d\u2019aides et de soins personnalis\u00e9, interdisciplinaire et \u00e9volutif.<\/span><span data-ccp-props=\"{}\">\u00a0<\/span>","en_cas_d\u2019urgence_":"<span data-contrast=\"auto\">Notre permanence du service de coordination est disponible par t\u00e9l\u00e9phone du lundi au vendredi de <span class=\"TextRun SCXW3515131 BCX0\" lang=\"FR\" xml:lang=\"FR\" data-contrast=\"auto\"><span class=\"NormalTextRun SCXW3515131 BCX0\">09h00<\/span><\/span> \u00e0 13h00. <\/span><span data-ccp-props=\"{}\">\u00a0<\/span>\r\n\r\n<span data-contrast=\"auto\">Notre service de garde est disponible par t\u00e9l\u00e9phone en dehors de nos horaires 24h\/24 et 7j\/7.\u00a0<\/span><span data-ccp-props=\"{}\">\u00a0<\/span>","tarification":"<span data-contrast=\"auto\">Gr\u00e2ce au subventionnement des institutions r\u00e9gionales (AVIQ), ce service est enti\u00e8rement gratuit.<\/span><span data-ccp-props=\"{}\">\u00a0<\/span>\r\n\r\n&nbsp;","phrase_de_cloture":"Nos \u00e9quipes accompagnent au quotidien avec comp\u00e9tence et humanit\u00e9, pour des aides et soins \u00e0 domicile en toute confiance.\u00a0"},"_links":{"self":[{"href":"https:\/\/liege.aideetsoinsadomicile.be\/en\/wp-json\/wp\/v2\/service\/2353","targetHints":{"allow":["GET"]}}],"collection":[{"href":"https:\/\/liege.aideetsoinsadomicile.be\/en\/wp-json\/wp\/v2\/service"}],"about":[{"href":"https:\/\/liege.aideetsoinsadomicile.be\/en\/wp-json\/wp\/v2\/types\/service"}],"author":[{"embeddable":true,"href":"https:\/\/liege.aideetsoinsadomicile.be\/en\/wp-json\/wp\/v2\/users\/1"}],"version-history":[{"count":10,"href":"https:\/\/liege.aideetsoinsadomicile.be\/en\/wp-json\/wp\/v2\/service\/2353\/revisions"}],"predecessor-version":[{"id":5775,"href":"https:\/\/liege.aideetsoinsadomicile.be\/en\/wp-json\/wp\/v2\/service\/2353\/revisions\/5775"}],"wp:featuredmedia":[{"embeddable":true,"href":"https:\/\/liege.aideetsoinsadomicile.be\/en\/wp-json\/wp\/v2\/media\/4849"}],"wp:attachment":[{"href":"https:\/\/liege.aideetsoinsadomicile.be\/en\/wp-json\/wp\/v2\/media?parent=2353"}],"wp:term":[{"taxonomy":"region","embeddable":true,"href":"https:\/\/liege.aideetsoinsadomicile.be\/en\/wp-json\/wp\/v2\/region?post=2353"},{"taxonomy":"service_tax","embeddable":true,"href":"https:\/\/liege.aideetsoinsadomicile.be\/en\/wp-json\/wp\/v2\/service_tax?post=2353"},{"taxonomy":"type-de-service","embeddable":true,"href":"https:\/\/liege.aideetsoinsadomicile.be\/en\/wp-json\/wp\/v2\/type-de-service?post=2353"}],"curies":[{"name":"wp","href":"https:\/\/api.w.org\/{rel}","templated":true}]}}