{"id":2351,"date":"2025-07-16T11:21:26","date_gmt":"2025-07-16T09:21:26","guid":{"rendered":"http:\/\/liege.aideetsoinsadomicile.be\/?post_type=service&#038;p=2351"},"modified":"2026-02-11T09:38:45","modified_gmt":"2026-02-11T08:38:45","slug":"hausarrest","status":"publish","type":"service","link":"https:\/\/liege.aideetsoinsadomicile.be\/de\/service\/garde-a-domicile\/","title":{"rendered":"H\u00e4usliche Pflege"},"content":{"rendered":"<p><span data-contrast=\"auto\">La garde \u00e0 domicile est un service que vous assure une pr\u00e9sence continue, de jour comme de nuit, pour veiller \u00e0 la s\u00e9curit\u00e9, le confort et le bien-\u00eatre \u00e0 domicile du b\u00e9n\u00e9ficiaire. Elle agit en relais de l\u2019entourage, en compl\u00e9ment des autres services tout en favorisant l\u2019autonomie.<\/span><span data-ccp-props=\"{}\">\u00a0<\/span><\/p>\n<p><b><span data-contrast=\"none\">Je nach Bedarf<\/span><\/b><span data-ccp-props=\"{&quot;134245418&quot;:true,&quot;134245529&quot;:true,&quot;335559738&quot;:280,&quot;335559739&quot;:80}\">\u00a0<\/span><\/p>\n<ul>\n<li><span class=\"a_GcMg font-feature-liga-off font-feature-clig-off font-feature-calt-off text-decoration-none text-strikethrough-none\">\u00dcberwachung sicherstellen<\/span><\/li>\n<li><span class=\"a_GcMg font-feature-liga-off font-feature-clig-off font-feature-calt-off text-decoration-none text-strikethrough-none\">Die Person unter optimalen Sicherheits- und Hygienebedingungen versorgen (z. B. einfache K\u00f6rperpflege, Wechseln von Schutzvorrichtungen usw.).<\/span><\/li>\n<li><span class=\"a_GcMg font-feature-liga-off font-feature-clig-off font-feature-calt-off text-decoration-none text-strikethrough-none\">Mahlzeiten zubereiten und servieren<\/span><\/li>\n<li><span class=\"a_GcMg font-feature-liga-off font-feature-clig-off font-feature-calt-off text-decoration-none text-strikethrough-none\">K\u00f6rperpflege durchf\u00fchren, aber keine pflegerischen T\u00e4tigkeiten <\/span><\/li>\n<li><span class=\"a_GcMg font-feature-liga-off font-feature-clig-off font-feature-calt-off text-decoration-none text-strikethrough-none\">Eine relationale Rolle einnehmen (zuh\u00f6ren, beruhigen, das Umfeld entlasten\u2026) <\/span><\/li>\n<li><span class=\"a_GcMg font-feature-liga-off font-feature-clig-off font-feature-calt-off text-decoration-none text-strikethrough-none\">Die Selbstst\u00e4ndigkeit der Person bewahren <\/span><\/li>\n<li><span class=\"a_GcMg font-feature-liga-off font-feature-clig-off font-feature-calt-off text-decoration-none text-strikethrough-none\">Eine berufliche Rolle \u00fcbernehmen (z. B. Aktivit\u00e4ten wie Memory, Kartenspiele\u2026)<\/span><\/li>\n<li>Moralische Unterst\u00fctzung: beruhigende Pr\u00e4senz, F\u00f6rderung der Selbstst\u00e4ndigkeit, Bek\u00e4mpfung der Isolation, Unterst\u00fctzung f\u00fcr pflegende Angeh\u00f6rige...<\/li>\n<\/ul>\n<p><span data-ccp-props=\"{&quot;335559685&quot;:720}\">\u00a0<\/span><\/p>\n<p><b><span data-contrast=\"none\">Organisation f\u00fcr das Wohlbefinden zu Hause<\/span><\/b><span data-ccp-props=\"{&quot;134245418&quot;:true,&quot;134245529&quot;:true,&quot;335559738&quot;:280,&quot;335559739&quot;:80}\">\u00a0<\/span><\/p>\n<p><span data-contrast=\"auto\">Zun\u00e4chst besucht ein Sozialarbeiter den Haushalt, um die Situation zu beurteilen und eine individuelle Betreuung zu organisieren. Gemeinsam werden die H\u00e4ufigkeit und Dauer der Leistungen entsprechend den Bed\u00fcrfnissen und der Verf\u00fcgbarkeit des Dienstes festgelegt.\u00a0<\/span><span data-ccp-props=\"{}\">\u00a0<\/span><\/p>\n<p><span data-ccp-props=\"{}\">\u00a0<\/span><\/p>\n<p><span data-contrast=\"auto\">Die Hausw\u00e4chter k\u00f6nnen tags\u00fcber, nachts, am Wochenende und an Feiertagen f\u00fcr mindestens drei und h\u00f6chstens neun Stunden pro Einsatz t\u00e4tig werden. <\/span><span data-ccp-props=\"{}\">\u00a0<\/span><\/p>\n<p><span data-ccp-props=\"{}\">\u00a0<\/span><\/p>\n<p><span data-contrast=\"auto\">Unter der Aufsicht des Sozialarbeiters und in Zusammenarbeit mit den anderen Betreuern zu Hause werden unsere Mitarbeiter \u00fcber die Situation informiert und arbeiten im Team, um die Kontinuit\u00e4t der Dienstleistung zu gew\u00e4hrleisten und sich bestm\u00f6glich an die Bed\u00fcrfnisse anzupassen.<\/span><span data-ccp-props=\"{}\">\u00a0<\/span><\/p>\n<p><span data-ccp-props=\"{}\">\u00a0<\/span><\/p>\n<p><b><span data-contrast=\"none\">Telefonischer Bereitschaftsdienst\u00a0<\/span><\/b><span data-ccp-props=\"{&quot;134245418&quot;:true,&quot;134245529&quot;:true,&quot;335559738&quot;:280,&quot;335559739&quot;:80}\">\u00a0<\/span><\/p>\n<p><span data-contrast=\"auto\">Notre service est disponible par t\u00e9l\u00e9phone du lundi au vendredi de 08h30 \u00e0 16h30.\u00a0<\/span><span data-ccp-props=\"{}\">\u00a0<\/span><\/p>\n<p><span data-contrast=\"auto\">Nur f\u00fcr Notf\u00e4lle steht Ihnen unser Bereitschaftsdienst au\u00dferhalb unserer \u00d6ffnungszeiten rund um die Uhr telefonisch zur Verf\u00fcgung.\u00a0<\/span><span data-ccp-props=\"{}\">\u00a0<\/span><\/p>\n<p><span data-ccp-props=\"{}\">\u00a0<\/span><\/p>\n<p><b><span data-contrast=\"none\">Preisgestaltung<\/span><\/b><span data-ccp-props=\"{&quot;134245418&quot;:true,&quot;134245529&quot;:true,&quot;335559738&quot;:280,&quot;335559739&quot;:80}\">\u00a0<\/span><\/p>\n<p><span data-contrast=\"auto\">Les tarifs peuvent varier selon le type de prestation et la situation personnelle.<\/span><span data-ccp-props=\"{}\">\u00a0<\/span><\/p>\n<p><span data-ccp-props=\"{}\">\u00a0<\/span><\/p>\n<p><span data-contrast=\"auto\">Pour conna\u00eetre les conditions exactes qui s\u2019appliquent \u00e0 vous, contactez l\u2019ASD de votre r\u00e9gion.<\/span><span data-ccp-props=\"{}\">\u00a0<\/span><\/p>\n<p><span data-ccp-props=\"{}\">\u00a0<\/span><\/p>\n<p><span data-contrast=\"auto\">Unsere Teams begleiten Sie t\u00e4glich mit Kompetenz und Menschlichkeit und bieten Ihnen zuverl\u00e4ssige Hilfe zu Hause.<\/span><span data-ccp-props=\"{}\">\u00a0<\/span><\/p>\n<p><span data-ccp-props=\"{}\">\u00a0<\/span><\/p>\n<p><b><span data-contrast=\"auto\">BRABANT WALLON &#8211; HAINAUT ORIENTAL &#8211; HAINAUT PICARDIE &#8211; LI\u00c8GE &#8211; LUXEMBOURG &#8211; NAMUR &#8211; VERVIERS &#8211; OSTBELGIEN<\/span><\/b><\/p>","protected":false},"author":1,"featured_media":5663,"parent":0,"menu_order":3,"template":"","format":"standard","meta":{"_acf_changed":false,"_seopress_robots_primary_cat":"","_seopress_titles_title":"","_seopress_titles_desc":"","_seopress_robots_index":"","footnotes":""},"region":[11,12,13,14,15,16,17,18],"service_tax":[27],"type-de-service":[37],"class_list":["post-2351","service","type-service","status-publish","format-standard","has-post-thumbnail","hentry","region-brabant-wallon","region-hainaut-oriental","region-hainaut-picardie","region-liege-huy-waremme","region-luxembourg","region-namur","region-ostbelgien","region-verviers","service_tax-garde-a-domicile","type-de-service-aide-a-la-vie-journaliere"],"acf":{"url_icone_du_service":1523,"descriptif_rapide":"<ul>\r\n \t<li>Assure la surveillance<\/li>\r\n \t<li>Aide pour les repas<\/li>\r\n \t<li>Pr\u00e9sence de jour comme de nuit<\/li>\r\n \t<li>Pr\u00e9sence rassurante et adapt\u00e9e<\/li>\r\n \t<li>Soutien aux aidants proches<\/li>\r\n \t<li>Support aux actes de la vie quotidienne<\/li>\r\n \t<li>Veille \u00e0 la s\u00e9curit\u00e9, au confort et \u00e0 hygi\u00e8ne du b\u00e9n\u00e9ficiaire<\/li>\r\n<\/ul>","descriptif_complet":"<span class=\"TextRun SCXW72200051 BCX0\" lang=\"FR\" xml:lang=\"FR\" data-contrast=\"auto\"><span class=\"NormalTextRun SCXW72200051 BCX0\">La garde \u00e0 domicile <\/span><span class=\"NormalTextRun SCXW72200051 BCX0\">est un service que <\/span><span class=\"NormalTextRun SCXW72200051 BCX0\">vous assure une pr\u00e9sence continue, de jour comme de nuit, pour veiller \u00e0 <\/span><span class=\"NormalTextRun SCXW72200051 BCX0\">la<\/span><span class=\"NormalTextRun SCXW72200051 BCX0\"> s\u00e9curit\u00e9, <\/span><span class=\"NormalTextRun SCXW72200051 BCX0\">l<\/span><span class=\"NormalTextRun SCXW72200051 BCX0\">e<\/span><span class=\"NormalTextRun SCXW72200051 BCX0\"> confort et <\/span><span class=\"NormalTextRun SCXW72200051 BCX0\">le<\/span><span class=\"NormalTextRun SCXW72200051 BCX0\"> bien-\u00eatre<\/span><span class=\"NormalTextRun SCXW72200051 BCX0\"> \u00e0 domicile<\/span><span class=\"NormalTextRun SCXW72200051 BCX0\"> du b\u00e9n\u00e9ficiaire<\/span><span class=\"NormalTextRun SCXW72200051 BCX0\">. Elle agit en relais de <\/span><span class=\"NormalTextRun SCXW72200051 BCX0\">l\u2019<\/span><span class=\"NormalTextRun SCXW72200051 BCX0\">entourage, en compl\u00e9ment <\/span><span class=\"NormalTextRun SCXW72200051 BCX0\">des autres services <\/span><span class=\"NormalTextRun SCXW72200051 BCX0\">tout en favorisant <\/span><span class=\"NormalTextRun SCXW72200051 BCX0\">l\u2019<\/span><span class=\"NormalTextRun SCXW72200051 BCX0\">autonomie.<\/span><\/span><span class=\"EOP SCXW72200051 BCX0\" data-ccp-props=\"{}\">\u00a0<\/span>","quels_soins_proposons_nous":"<ul>\r\n \t<li><span class=\"a_GcMg font-feature-liga-off font-feature-clig-off font-feature-calt-off text-decoration-none text-strikethrough-none\">Assurer la surveillance<\/span><\/li>\r\n \t<li><span class=\"a_GcMg font-feature-liga-off font-feature-clig-off font-feature-calt-off text-decoration-none text-strikethrough-none\">Maintenir la personne dans des conditions optimales de s\u00e9curit\u00e9 et d'hygi\u00e8ne (ex : toilette simple, changer une protection...)<\/span><\/li>\r\n \t<li><span class=\"a_GcMg font-feature-liga-off font-feature-clig-off font-feature-calt-off text-decoration-none text-strikethrough-none\">Pr\u00e9parer et donner les repas<\/span><\/li>\r\n \t<li><span class=\"a_GcMg font-feature-liga-off font-feature-clig-off font-feature-calt-off text-decoration-none text-strikethrough-none\">Effectuer des soins corporels mais pas d'actes infirmiers <\/span><\/li>\r\n \t<li><span class=\"a_GcMg font-feature-liga-off font-feature-clig-off font-feature-calt-off text-decoration-none text-strikethrough-none\">Occuper un r\u00f4le relationnel (\u00e9couter, apaiser, soulager l'entourage...) <\/span><\/li>\r\n \t<li><span class=\"a_GcMg font-feature-liga-off font-feature-clig-off font-feature-calt-off text-decoration-none text-strikethrough-none\">Pr\u00e9server l'autonomie de la personne <\/span><\/li>\r\n \t<li><span class=\"a_GcMg font-feature-liga-off font-feature-clig-off font-feature-calt-off text-decoration-none text-strikethrough-none\">Adopter un r\u00f4le occupationnel (ex : activit\u00e9s comme le jeu m\u00e9mo, cartes...)<\/span><\/li>\r\n \t<li>Soutien moral : pr\u00e9sence rassurante, stimulation de l\u2019autonomie, lutte contre l\u2019isolement, soutien aux aidants proches...<\/li>\r\n<\/ul>","une_organisation_pensee_pour_votre_confort_":"<span data-contrast=\"auto\">Un travailleur social se rend d\u2019abord au domicile pour \u00e9valuer la situation et organiser un accompagnement personnalis\u00e9. Ensemble, la fr\u00e9quence et la dur\u00e9e des prestations sont d\u00e9finies, en fonction des besoins et des disponibilit\u00e9s du service.\u00a0<\/span><span data-ccp-props=\"{}\">\u00a0<\/span><span data-ccp-props=\"{}\">\u00a0<\/span>\r\n\r\n<span data-contrast=\"auto\">Les gardes \u00e0 domicile peuvent intervenir en journ\u00e9e, de nuit, en week-end et durant les jours f\u00e9ri\u00e9s, pour des dur\u00e9es de minimum trois heures \u00e0 maximum neuf heures par prestation. <\/span><span data-ccp-props=\"{}\">\u00a0<\/span>\r\n\r\n<span data-contrast=\"auto\">Sous la supervision du travailleur social, et en collaboration avec les autres intervenants du domicile, notre personnel est inform\u00e9 de la situation et travaille en \u00e9quipe, pour assurer la continuit\u00e9 du service et s\u2019adapter au mieux aux besoins.<\/span><span data-ccp-props=\"{}\">\u00a0<\/span>","en_cas_d\u2019urgence_":"<span data-contrast=\"auto\">Notre service est disponible par t\u00e9l\u00e9phone du lundi au vendredi de <span class=\"TextRun SCXW3515131 BCX0\" lang=\"FR\" xml:lang=\"FR\" data-contrast=\"auto\"><span class=\"NormalTextRun SCXW3515131 BCX0\">08h00<\/span><\/span> \u00e0 16h30. <\/span><span data-ccp-props=\"{}\">\u00a0<\/span>\r\n\r\n<span data-contrast=\"auto\">Pour les urgences uniquement, notre service de garde est disponible par t\u00e9l\u00e9phone en dehors de nos horaires, 24h\/24 et 7j\/7.\u00a0<\/span><span data-ccp-props=\"{}\">\u00a0<\/span>","tarification":"<span data-contrast=\"auto\">Les tarifs peuvent varier selon votre situation :<\/span>\r\n\r\n<strong>Prestations de jour<\/strong>\r\n<ul>\r\n \t<li>BIM : 7.20\u20ac\/heure<\/li>\r\n \t<li>NON BIM : 9.90\u20ac\/heure<\/li>\r\n<\/ul>\r\n+ 5\u20ac de forfait de d\u00e9placement\r\n\r\n<strong>Prestations de nuit<\/strong>\r\n<ul>\r\n \t<li>BIM : 8.70\u20ac\/heure<\/li>\r\n \t<li>NON BIM : 11.50\u20ac\/heure<\/li>\r\n<\/ul>\r\n+ 5\u20ac de forfait de d\u00e9placement\r\n\r\n&nbsp;","phrase_de_cloture":"Nos \u00e9quipes accompagnent au quotidien avec comp\u00e9tence et humanit\u00e9, pour des aides \u00e0 domicile en toute confiance.\u00a0"},"_links":{"self":[{"href":"https:\/\/liege.aideetsoinsadomicile.be\/de\/wp-json\/wp\/v2\/service\/2351","targetHints":{"allow":["GET"]}}],"collection":[{"href":"https:\/\/liege.aideetsoinsadomicile.be\/de\/wp-json\/wp\/v2\/service"}],"about":[{"href":"https:\/\/liege.aideetsoinsadomicile.be\/de\/wp-json\/wp\/v2\/types\/service"}],"author":[{"embeddable":true,"href":"https:\/\/liege.aideetsoinsadomicile.be\/de\/wp-json\/wp\/v2\/users\/1"}],"version-history":[{"count":10,"href":"https:\/\/liege.aideetsoinsadomicile.be\/de\/wp-json\/wp\/v2\/service\/2351\/revisions"}],"predecessor-version":[{"id":5883,"href":"https:\/\/liege.aideetsoinsadomicile.be\/de\/wp-json\/wp\/v2\/service\/2351\/revisions\/5883"}],"wp:featuredmedia":[{"embeddable":true,"href":"https:\/\/liege.aideetsoinsadomicile.be\/de\/wp-json\/wp\/v2\/media\/5663"}],"wp:attachment":[{"href":"https:\/\/liege.aideetsoinsadomicile.be\/de\/wp-json\/wp\/v2\/media?parent=2351"}],"wp:term":[{"taxonomy":"region","embeddable":true,"href":"https:\/\/liege.aideetsoinsadomicile.be\/de\/wp-json\/wp\/v2\/region?post=2351"},{"taxonomy":"service_tax","embeddable":true,"href":"https:\/\/liege.aideetsoinsadomicile.be\/de\/wp-json\/wp\/v2\/service_tax?post=2351"},{"taxonomy":"type-de-service","embeddable":true,"href":"https:\/\/liege.aideetsoinsadomicile.be\/de\/wp-json\/wp\/v2\/type-de-service?post=2351"}],"curies":[{"name":"wp","href":"https:\/\/api.w.org\/{rel}","templated":true}]}}